{"id":1622,"date":"2023-03-24T13:12:24","date_gmt":"2023-03-24T12:12:24","guid":{"rendered":"https:\/\/www.horizonviolet.com\/horizonvioletNEW\/?post_type=product&#038;p=1622"},"modified":"2023-04-07T13:41:41","modified_gmt":"2023-04-07T11:41:41","slug":"vladimir-torres-inicial","status":"publish","type":"product","link":"https:\/\/www.lhorizonviolet.com\/en\/produit\/vladimir-torres-inicial\/","title":{"rendered":"VLADIMIR TORRES <span>Inicial<\/span>"},"content":{"rendered":"<p><strong>Vladimir Torres :<\/strong> UprightBass<br \/>\n<strong>Martin Schiffmann :<\/strong> Piano\/Fender Rhodes<br \/>\n<strong>Tom Moretti :<\/strong> Drums<br \/>\n<strong>Christophe Panzani :<\/strong> Saxophones<br \/>\n<strong>Damien Groleau : <\/strong>Flutes\/Bansur<\/p>\n<p>Vladimir Torres, bassist and double bass player,\u00a0made a name for himself\u00a0by collaborating as a stage or studio musician for 20 years on many leading musical projects (Ritary Gaguenetti, Maher Beauroy, Marion Roch, Ricardo Torres, Fay\u00e7al Salhi\u2026).<\/p>\n<p>Of Uruguayan origin, the\u00a0musician is infused with\u00a0Latino music and culture.\u00a0His jazz music reveals inspiration from\u00a0Latin America, Middle East, and is as well empowered by urban rhythms.<\/p>\n<p>Vladimir Torres\u00a0shared\u00a0the stage with drummer Tom Moretti for many years, and more recently met pianist Martin Schiffmann: this first album\u00a0 recorded\u00a0as\u00a0a\u00a0leader, \u00ab\u00a0INICIAL\u00a0\u00bb, was forged within this\u00a0animated trio with a strong musical bond. The album is enriched by the presence of Christophe Panzani on saxophones and Damien Groleau on flutes.<\/p>\n<p>According to\u00a0Vladimir Torres, his music is\u00a0influenced by Claude Debussy, Pat Metheny, Petros Klampanis, Bill Evans, as\u00a0well as\u00a0the musicians of different styles that he shared the stage with\u2026<\/p>\n<p>&nbsp;<\/p>\n<p>\u00ab\u00a0One\u00a0perceives, in the compositions of Vladimir Torres, the influence of his Uruguayan culture, with a touch of candomb\u00e9, inscribed in original melodies mixed with a great sense of improvisation. \u00a0\u2026<\/p>\n<p>An album with very inspired music and sophisticated arrangements, where creativity and\u00a0rhythm matter. Beautiful\u00a0jazz music, respecting the fundamentals, with bright and warm colors and multiple influences both world and hard bop; influences that Vladimir Torres himself claims. An album to place between all ears, warned as novices. \u00a0\u00bb<\/p>\n<p>Jacques Pauper, Couleurs Jazz Media.<\/p>\n<p align=\"left\"><a href=\"http:\/\/www.lesnouvellescoincidencesgalerie.com\/horizon\/vladimir-torres-trio-inicial\/vladimir-2\/\" rel=\"attachment wp-att-1867\"><img loading=\"lazy\" decoding=\"async\" title=\"vladimir\" src=\"https:\/\/www.horizonviolet.com\/wp-content\/uploads\/2020\/03\/vladimir.jpg\" alt=\"\" width=\"512\" height=\"510\" \/><\/a><\/p>\n<div>Visuals : Marc Degois \/\u00a0St\u00e9phane Neidhardt<\/div>\n<div>Photo : JC Polien<\/div>\n","protected":false},"excerpt":{"rendered":"<p>Vladimir Torres : UprightBass Martin Schiffmann : Piano\/Fender Rhodes Tom Moretti : Drums Christophe Panzani : Saxophones Damien Groleau : Flutes\/Bansur Vladimir Torres, bassist and double bass player,\u00a0made a name for himself\u00a0by collaborating as a stage or studio musician for 20 years on many leading musical projects (Ritary Gaguenetti, Maher Beauroy, Marion Roch, Ricardo Torres, [&hellip;]<\/p>\n","protected":false},"featured_media":1536,"template":"","meta":[],"product_brand":[],"product_cat":[],"product_tag":[],"class_list":{"0":"post-1622","1":"product","2":"type-product","3":"status-publish","4":"has-post-thumbnail","7":"first","8":"instock","9":"shipping-taxable","10":"purchasable","11":"product-type-simple"},"yoast_head":"<!-- This site is optimized with the Yoast SEO plugin v26.9 - https:\/\/yoast.com\/product\/yoast-seo-wordpress\/ -->\n<title>VLADIMIR TORRES Inicial - L&#039;Horizon Violet<\/title>\n<meta name=\"robots\" content=\"index, follow, max-snippet:-1, max-image-preview:large, max-video-preview:-1\" \/>\n<link rel=\"canonical\" href=\"https:\/\/www.lhorizonviolet.com\/en\/produit\/vladimir-torres-inicial\/\" \/>\n<meta property=\"og:locale\" content=\"en_US\" \/>\n<meta property=\"og:type\" content=\"article\" \/>\n<meta property=\"og:title\" content=\"VLADIMIR TORRES Inicial - L&#039;Horizon Violet\" \/>\n<meta property=\"og:description\" content=\"Vladimir Torres : UprightBass Martin Schiffmann : Piano\/Fender Rhodes Tom Moretti : Drums Christophe Panzani : Saxophones Damien Groleau : Flutes\/Bansur Vladimir Torres, bassist and double bass player,\u00a0made a name for himself\u00a0by collaborating as a stage or studio musician for 20 years on many leading musical projects (Ritary Gaguenetti, Maher Beauroy, Marion Roch, Ricardo Torres, [&hellip;]\" \/>\n<meta property=\"og:url\" content=\"https:\/\/www.lhorizonviolet.com\/en\/produit\/vladimir-torres-inicial\/\" \/>\n<meta property=\"og:site_name\" content=\"L&#039;Horizon Violet\" \/>\n<meta property=\"article:publisher\" content=\"https:\/\/www.facebook.com\/LHorizonviolet\" \/>\n<meta property=\"article:modified_time\" content=\"2023-04-07T11:41:41+00:00\" \/>\n<meta property=\"og:image\" content=\"https:\/\/www.lhorizonviolet.com\/wp-content\/uploads\/2023\/02\/Cover_LHorizon-Violet_Vladimir-Torres_Inicial_Relase.jpg\" \/>\n\t<meta property=\"og:image:width\" content=\"1500\" \/>\n\t<meta property=\"og:image:height\" content=\"1500\" \/>\n\t<meta property=\"og:image:type\" content=\"image\/jpeg\" \/>\n<meta name=\"twitter:card\" content=\"summary_large_image\" \/>\n<meta name=\"twitter:site\" content=\"@LHorizonviolet\" \/>\n<meta name=\"twitter:label1\" content=\"Est. reading time\" \/>\n\t<meta name=\"twitter:data1\" content=\"1 minute\" \/>\n<script type=\"application\/ld+json\" class=\"yoast-schema-graph\">{\"@context\":\"https:\/\/schema.org\",\"@graph\":[{\"@type\":\"WebPage\",\"@id\":\"https:\/\/www.lhorizonviolet.com\/en\/produit\/vladimir-torres-inicial\/\",\"url\":\"https:\/\/www.lhorizonviolet.com\/en\/produit\/vladimir-torres-inicial\/\",\"name\":\"VLADIMIR TORRES Inicial - L&#039;Horizon Violet\",\"isPartOf\":{\"@id\":\"https:\/\/www.lhorizonviolet.com\/#website\"},\"primaryImageOfPage\":{\"@id\":\"https:\/\/www.lhorizonviolet.com\/en\/produit\/vladimir-torres-inicial\/#primaryimage\"},\"image\":{\"@id\":\"https:\/\/www.lhorizonviolet.com\/en\/produit\/vladimir-torres-inicial\/#primaryimage\"},\"thumbnailUrl\":\"https:\/\/www.lhorizonviolet.com\/wp-content\/uploads\/2023\/02\/Cover_LHorizon-Violet_Vladimir-Torres_Inicial_Relase.jpg\",\"datePublished\":\"2023-03-24T12:12:24+00:00\",\"dateModified\":\"2023-04-07T11:41:41+00:00\",\"breadcrumb\":{\"@id\":\"https:\/\/www.lhorizonviolet.com\/en\/produit\/vladimir-torres-inicial\/#breadcrumb\"},\"inLanguage\":\"en-US\",\"potentialAction\":[{\"@type\":\"ReadAction\",\"target\":[\"https:\/\/www.lhorizonviolet.com\/en\/produit\/vladimir-torres-inicial\/\"]}]},{\"@type\":\"ImageObject\",\"inLanguage\":\"en-US\",\"@id\":\"https:\/\/www.lhorizonviolet.com\/en\/produit\/vladimir-torres-inicial\/#primaryimage\",\"url\":\"https:\/\/www.lhorizonviolet.com\/wp-content\/uploads\/2023\/02\/Cover_LHorizon-Violet_Vladimir-Torres_Inicial_Relase.jpg\",\"contentUrl\":\"https:\/\/www.lhorizonviolet.com\/wp-content\/uploads\/2023\/02\/Cover_LHorizon-Violet_Vladimir-Torres_Inicial_Relase.jpg\",\"width\":1500,\"height\":1500,\"caption\":\"Le musicien Vladimir Torres et son album INICIAL\"},{\"@type\":\"BreadcrumbList\",\"@id\":\"https:\/\/www.lhorizonviolet.com\/en\/produit\/vladimir-torres-inicial\/#breadcrumb\",\"itemListElement\":[{\"@type\":\"ListItem\",\"position\":1,\"name\":\"Accueil\",\"item\":\"https:\/\/www.lhorizonviolet.com\/lhorizon-violet-2\/\"},{\"@type\":\"ListItem\",\"position\":2,\"name\":\"Shop\",\"item\":\"https:\/\/www.lhorizonviolet.com\/en\/shop-2\/\"},{\"@type\":\"ListItem\",\"position\":3,\"name\":\"VLADIMIR TORRES Inicial\"}]},{\"@type\":\"WebSite\",\"@id\":\"https:\/\/www.lhorizonviolet.com\/#website\",\"url\":\"https:\/\/www.lhorizonviolet.com\/\",\"name\":\"L'Horizon Violet\",\"description\":\"Label de musique ind\u00e9pendant, producteur phonographique et \u00e9diteur, bas\u00e9 \u00e0 Paris.\",\"publisher\":{\"@id\":\"https:\/\/www.lhorizonviolet.com\/#organization\"},\"alternateName\":\"L\u2019Horizon violet est un label bas\u00e9 \u00e0 Paris\",\"potentialAction\":[{\"@type\":\"SearchAction\",\"target\":{\"@type\":\"EntryPoint\",\"urlTemplate\":\"https:\/\/www.lhorizonviolet.com\/?s={search_term_string}\"},\"query-input\":{\"@type\":\"PropertyValueSpecification\",\"valueRequired\":true,\"valueName\":\"search_term_string\"}}],\"inLanguage\":\"en-US\"},{\"@type\":\"Organization\",\"@id\":\"https:\/\/www.lhorizonviolet.com\/#organization\",\"name\":\"L'Horizon Violet\",\"alternateName\":\"Label de Musique L'Horizon Violet\",\"url\":\"https:\/\/www.lhorizonviolet.com\/\",\"logo\":{\"@type\":\"ImageObject\",\"inLanguage\":\"en-US\",\"@id\":\"https:\/\/www.lhorizonviolet.com\/#\/schema\/logo\/image\/\",\"url\":\"https:\/\/www.lhorizonviolet.com\/wp-content\/uploads\/2023\/02\/horizonviolet.png\",\"contentUrl\":\"https:\/\/www.lhorizonviolet.com\/wp-content\/uploads\/2023\/02\/horizonviolet.png\",\"width\":1000,\"height\":152,\"caption\":\"L'Horizon Violet\"},\"image\":{\"@id\":\"https:\/\/www.lhorizonviolet.com\/#\/schema\/logo\/image\/\"},\"sameAs\":[\"https:\/\/www.facebook.com\/LHorizonviolet\",\"https:\/\/x.com\/LHorizonviolet\",\"https:\/\/soundcloud.com\/horizonviolet\",\"https:\/\/www.youtube.com\/user\/horizonvioletlabel\/featured\"]}]}<\/script>\n<!-- \/ Yoast SEO plugin. -->","yoast_head_json":{"title":"VLADIMIR TORRES Inicial - L&#039;Horizon Violet","robots":{"index":"index","follow":"follow","max-snippet":"max-snippet:-1","max-image-preview":"max-image-preview:large","max-video-preview":"max-video-preview:-1"},"canonical":"https:\/\/www.lhorizonviolet.com\/en\/produit\/vladimir-torres-inicial\/","og_locale":"en_US","og_type":"article","og_title":"VLADIMIR TORRES Inicial - L&#039;Horizon Violet","og_description":"Vladimir Torres : UprightBass Martin Schiffmann : Piano\/Fender Rhodes Tom Moretti : Drums Christophe Panzani : Saxophones Damien Groleau : Flutes\/Bansur Vladimir Torres, bassist and double bass player,\u00a0made a name for himself\u00a0by collaborating as a stage or studio musician for 20 years on many leading musical projects (Ritary Gaguenetti, Maher Beauroy, Marion Roch, Ricardo Torres, [&hellip;]","og_url":"https:\/\/www.lhorizonviolet.com\/en\/produit\/vladimir-torres-inicial\/","og_site_name":"L&#039;Horizon Violet","article_publisher":"https:\/\/www.facebook.com\/LHorizonviolet","article_modified_time":"2023-04-07T11:41:41+00:00","og_image":[{"width":1500,"height":1500,"url":"https:\/\/www.lhorizonviolet.com\/wp-content\/uploads\/2023\/02\/Cover_LHorizon-Violet_Vladimir-Torres_Inicial_Relase.jpg","type":"image\/jpeg"}],"twitter_card":"summary_large_image","twitter_site":"@LHorizonviolet","twitter_misc":{"Est. reading time":"1 minute"},"schema":{"@context":"https:\/\/schema.org","@graph":[{"@type":"WebPage","@id":"https:\/\/www.lhorizonviolet.com\/en\/produit\/vladimir-torres-inicial\/","url":"https:\/\/www.lhorizonviolet.com\/en\/produit\/vladimir-torres-inicial\/","name":"VLADIMIR TORRES Inicial - L&#039;Horizon Violet","isPartOf":{"@id":"https:\/\/www.lhorizonviolet.com\/#website"},"primaryImageOfPage":{"@id":"https:\/\/www.lhorizonviolet.com\/en\/produit\/vladimir-torres-inicial\/#primaryimage"},"image":{"@id":"https:\/\/www.lhorizonviolet.com\/en\/produit\/vladimir-torres-inicial\/#primaryimage"},"thumbnailUrl":"https:\/\/www.lhorizonviolet.com\/wp-content\/uploads\/2023\/02\/Cover_LHorizon-Violet_Vladimir-Torres_Inicial_Relase.jpg","datePublished":"2023-03-24T12:12:24+00:00","dateModified":"2023-04-07T11:41:41+00:00","breadcrumb":{"@id":"https:\/\/www.lhorizonviolet.com\/en\/produit\/vladimir-torres-inicial\/#breadcrumb"},"inLanguage":"en-US","potentialAction":[{"@type":"ReadAction","target":["https:\/\/www.lhorizonviolet.com\/en\/produit\/vladimir-torres-inicial\/"]}]},{"@type":"ImageObject","inLanguage":"en-US","@id":"https:\/\/www.lhorizonviolet.com\/en\/produit\/vladimir-torres-inicial\/#primaryimage","url":"https:\/\/www.lhorizonviolet.com\/wp-content\/uploads\/2023\/02\/Cover_LHorizon-Violet_Vladimir-Torres_Inicial_Relase.jpg","contentUrl":"https:\/\/www.lhorizonviolet.com\/wp-content\/uploads\/2023\/02\/Cover_LHorizon-Violet_Vladimir-Torres_Inicial_Relase.jpg","width":1500,"height":1500,"caption":"Le musicien Vladimir Torres et son album INICIAL"},{"@type":"BreadcrumbList","@id":"https:\/\/www.lhorizonviolet.com\/en\/produit\/vladimir-torres-inicial\/#breadcrumb","itemListElement":[{"@type":"ListItem","position":1,"name":"Accueil","item":"https:\/\/www.lhorizonviolet.com\/lhorizon-violet-2\/"},{"@type":"ListItem","position":2,"name":"Shop","item":"https:\/\/www.lhorizonviolet.com\/en\/shop-2\/"},{"@type":"ListItem","position":3,"name":"VLADIMIR TORRES Inicial"}]},{"@type":"WebSite","@id":"https:\/\/www.lhorizonviolet.com\/#website","url":"https:\/\/www.lhorizonviolet.com\/","name":"L'Horizon Violet","description":"Label de musique ind\u00e9pendant, producteur phonographique et \u00e9diteur, bas\u00e9 \u00e0 Paris.","publisher":{"@id":"https:\/\/www.lhorizonviolet.com\/#organization"},"alternateName":"L\u2019Horizon violet est un label bas\u00e9 \u00e0 Paris","potentialAction":[{"@type":"SearchAction","target":{"@type":"EntryPoint","urlTemplate":"https:\/\/www.lhorizonviolet.com\/?s={search_term_string}"},"query-input":{"@type":"PropertyValueSpecification","valueRequired":true,"valueName":"search_term_string"}}],"inLanguage":"en-US"},{"@type":"Organization","@id":"https:\/\/www.lhorizonviolet.com\/#organization","name":"L'Horizon Violet","alternateName":"Label de Musique L'Horizon Violet","url":"https:\/\/www.lhorizonviolet.com\/","logo":{"@type":"ImageObject","inLanguage":"en-US","@id":"https:\/\/www.lhorizonviolet.com\/#\/schema\/logo\/image\/","url":"https:\/\/www.lhorizonviolet.com\/wp-content\/uploads\/2023\/02\/horizonviolet.png","contentUrl":"https:\/\/www.lhorizonviolet.com\/wp-content\/uploads\/2023\/02\/horizonviolet.png","width":1000,"height":152,"caption":"L'Horizon Violet"},"image":{"@id":"https:\/\/www.lhorizonviolet.com\/#\/schema\/logo\/image\/"},"sameAs":["https:\/\/www.facebook.com\/LHorizonviolet","https:\/\/x.com\/LHorizonviolet","https:\/\/soundcloud.com\/horizonviolet","https:\/\/www.youtube.com\/user\/horizonvioletlabel\/featured"]}]}},"_links":{"self":[{"href":"https:\/\/www.lhorizonviolet.com\/en\/wp-json\/wp\/v2\/product\/1622","targetHints":{"allow":["GET"]}}],"collection":[{"href":"https:\/\/www.lhorizonviolet.com\/en\/wp-json\/wp\/v2\/product"}],"about":[{"href":"https:\/\/www.lhorizonviolet.com\/en\/wp-json\/wp\/v2\/types\/product"}],"wp:featuredmedia":[{"embeddable":true,"href":"https:\/\/www.lhorizonviolet.com\/en\/wp-json\/wp\/v2\/media\/1536"}],"wp:attachment":[{"href":"https:\/\/www.lhorizonviolet.com\/en\/wp-json\/wp\/v2\/media?parent=1622"}],"wp:term":[{"taxonomy":"product_brand","embeddable":true,"href":"https:\/\/www.lhorizonviolet.com\/en\/wp-json\/wp\/v2\/product_brand?post=1622"},{"taxonomy":"product_cat","embeddable":true,"href":"https:\/\/www.lhorizonviolet.com\/en\/wp-json\/wp\/v2\/product_cat?post=1622"},{"taxonomy":"product_tag","embeddable":true,"href":"https:\/\/www.lhorizonviolet.com\/en\/wp-json\/wp\/v2\/product_tag?post=1622"}],"curies":[{"name":"wp","href":"https:\/\/api.w.org\/{rel}","templated":true}]}}